{"id":3,"date":"2024-06-06T15:24:00","date_gmt":"2024-06-06T15:24:00","guid":{"rendered":"http:\/\/terrasdebasto.pt\/?page_id=3"},"modified":"2024-06-27T15:49:42","modified_gmt":"2024-06-27T15:49:42","slug":"politica-privacidade","status":"publish","type":"page","link":"https:\/\/terrasdebasto.pt\/?page_id=3","title":{"rendered":"Pol\u00edtica de privacidade"},"content":{"rendered":"\n<h2 class=\"wp-block-heading\"><\/h2>\n\n\n\n<ol class=\"wp-block-list\">\n<li><strong>SOBRE O GRUPO HICON E ESTA POL\u00cdTICA DE PRIVACIDADE<\/strong><\/li>\n<\/ol>\n\n\n\n<p>Somos do grupo Hicon (\u201cn\u00f3s\u201d, \u201cnos\u201d, \u201cnosso\u201d) e estamos comprometidos em proteger sua privacidade. A Hicon \u00e9 a controladora para efeitos do Regulamento Geral de Prote\u00e7\u00e3o de Dados (o \u201cGDPR\u201d).<\/p>\n\n\n\n<p>Esta Pol\u00edtica de Privacidade fornece informa\u00e7\u00f5es sobre como coletamos e utilizamos dados pessoais. A Hicon opera a terrasdebasto.pt. Esta Pol\u00edtica de Privacidade define as informa\u00e7\u00f5es que coletamos, os motivos pelos quais coletamos as informa\u00e7\u00f5es e como podemos usar e compartilhar as informa\u00e7\u00f5es.<\/p>\n\n\n\n<p>O Site e os servi\u00e7os fornecidos pela Hicon n\u00e3o se destinam ao uso por crian\u00e7as. Se voc\u00ea tiver alguma d\u00favida sobre esta Pol\u00edtica de Privacidade, entre em contato com o respons\u00e1vel pela prote\u00e7\u00e3o de dados em info@hicon.pt<\/p>\n\n\n\n<p>Se voc\u00ea tiver alguma solicita\u00e7\u00e3o para exercer seus direitos legais, consulte a se\u00e7\u00e3o 10 (\u201cQuais s\u00e3o os meus direitos de privacidade?\u201d) abaixo.<\/p>\n\n\n\n<ol class=\"wp-block-list\" start=\"2\">\n<li><strong>SITES DE TERCEIROS<\/strong><\/li>\n<\/ol>\n\n\n\n<p>Nosso site pode conter links de e para sites de terceiros. Se voc\u00ea seguir um link para qualquer um desses sites, observe que esta Pol\u00edtica de Privacidade n\u00e3o se aplica a esses sites. N\u00e3o somos respons\u00e1veis pelas pol\u00edticas ou pr\u00e1ticas de privacidade desses sites, portanto, verifique suas pol\u00edticas antes de enviar quaisquer dados pessoais a esses sites.<\/p>\n\n\n\n<ol class=\"wp-block-list\" start=\"3\">\n<li><strong>QUE INFORMA\u00c7\u00d5ES COLETAMOS E COMO?<\/strong><\/li>\n<\/ol>\n\n\n\n<p>Quando voc\u00ea interage connosco, seja usando o nosso site ou comunicando connosco, podemos guardar as seguintes informa\u00e7\u00f5es sobre voc\u00ea:<\/p>\n\n\n\n<ul class=\"wp-block-list\">\n<li>Informa\u00e7\u00f5es que voc\u00ea nos fornece: voc\u00ea pode nos fornecer informa\u00e7\u00f5es sobre voc\u00ea se criar uma conta em nosso site, fizer um pedido de produtos, preencher quaisquer formul\u00e1rios on-line (como formul\u00e1rios de registro, concursos, pesquisas ou analisando os produtos que voc\u00ea encomendou), opte por receber nossos boletins informativos e ofertas especiais, participe numa competi\u00e7\u00e3o ou promo\u00e7\u00e3o, participe em fun\u00e7\u00f5es de m\u00eddia social ou entrar em contacto connosco por e-mail, telefone, aplicativos de mensagens instant\u00e2neas, m\u00eddia social ou de outra forma.<\/li>\n<\/ul>\n\n\n\n<p>Dependendo do que voc\u00ea fornecer, essas informa\u00e7\u00f5es podem incluir o seu nome, endere\u00e7o ou localiza\u00e7\u00e3o, n\u00famero de telefone, endere\u00e7o de e-mail, data de nascimento, sexo, informa\u00e7\u00f5es de compra, prefer\u00eancias de compra, avalia\u00e7\u00f5es, imagens e informa\u00e7\u00f5es financeiras (incluindo detalhes do seu cart\u00e3o de cr\u00e9dito ou d\u00e9bito, embora n\u00e3o os possuamos, nossos processadores de pagamento possuem).<\/p>\n\n\n\n<p>Se voc\u00ea registrar uma conta no site, poder\u00e1 optar por fornecer a sua fotografia e apelido. Na sua conta Hicon, voc\u00ea tamb\u00e9m pode convidar os seus amigos para fazer compras em nosso site (inclusive por e-mail, Facebook ou Twitter). Embora tenhamos informado que recebemos seus dados, certifique-se de ter a permiss\u00e3o do seu amigo antes de compartilhar seus dados de contato connosco e encaminhe e-mails apenas para pessoas que voc\u00ea sabe que ficariam felizes em receb\u00ea-los.<\/p>\n\n\n\n<ul class=\"wp-block-list\">\n<li>Informa\u00e7\u00f5es que recebemos de outras contas ou fontes: podemos receber informa\u00e7\u00f5es sobre voc\u00ea de outras fontes, como de outras contas (como quando voc\u00ea usa seu ID Apple ou Login do Google para fazer login em nosso site) ou de outros sites, incluindo corretores de dados, nossos parceiros, provedores de m\u00eddia social como Facebook e Twitter, redes de publicidade e parceiros de an\u00e1lise, e provedores de servi\u00e7os de pagamento e entrega.<\/li>\n<\/ul>\n\n\n\n<p>Ao fazer login em nossos aplicativos m\u00f3veis via Apple, Google, Facebook ou Twitter, ou vincular sua conta Hicon no nosso site \u00e0s suas contas Apple, Google, Facebook ou Twitter, voc\u00ea d\u00e1-nos permiss\u00e3o para obter determinadas informa\u00e7\u00f5es e conte\u00fados dessas contas. Os tipos espec\u00edficos de informa\u00e7\u00f5es que podemos obter dependem das configura\u00e7\u00f5es dessa conta ou site e estar\u00e3o sujeitos \u00e0s respetivas pol\u00edticas de privacidade.<\/p>\n\n\n\n<p>Complementamos os dados que voc\u00ea nos fornece com dados de servi\u00e7os de anexa\u00e7\u00e3o de dados, como dados de gr\u00e1ficos p\u00fablicos ou sociais, para melhor atend\u00ea-lo com conte\u00fado ou promo\u00e7\u00f5es. Acrescentaremos estes dados \u00e0s informa\u00e7\u00f5es existentes da nossa conta de cliente para compreender melhor os interesses dos clientes e para fornecer recomenda\u00e7\u00f5es de produtos e publicidade mais relevantes, para aumentar a seguran\u00e7a dos nossos clientes ao utilizar o nosso website e para cumprir as nossas obriga\u00e7\u00f5es legais, tais como leis de san\u00e7\u00f5es. Essas informa\u00e7\u00f5es podem incluir tamanho da fam\u00edlia, renda familiar ou profiss\u00e3o. Esta informa\u00e7\u00e3o pode ser associada aos seus dados pessoais como nome, email, morada, morada f\u00edsica ou n\u00famero de telefone.<\/p>\n\n\n\n<p>Voc\u00ea pode ver mais detalhes sobre os terceiros que utilizamos na se\u00e7\u00e3o 5.<\/p>\n\n\n\n<ul class=\"wp-block-list\">\n<li>Informa\u00e7\u00f5es que os nossos sistemas de TI coletam sobre voc\u00ea: cada vez que visita o site, e ceder determinadas informa\u00e7\u00f5es ser\u00e3o criadas e registradas automaticamente pelos nossos sistemas de TI. Essas informa\u00e7\u00f5es incluem:<\/li>\n<\/ul>\n\n\n\n<p>Cookies: voc\u00ea pode ver mais detalhes sobre cookies na se\u00e7\u00e3o 7, mas esses pequenos arquivos de texto podem ajudar a melhorar sua experi\u00eancia no Site e facilitar a intera\u00e7\u00e3o connosco. Isso pode incluir armazenar a sua localiza\u00e7\u00e3o ou prefer\u00eancias de idioma para evitar que voc\u00ea tenha que inserir informa\u00e7\u00f5es novamente ao retornar ou garantir que os itens que voc\u00ea deseja encomendar n\u00e3o desapare\u00e7am enquanto voc\u00ea navega entre as p\u00e1ginas do nosso site. Tamb\u00e9m utilizamos cookies para lhe fornecer publicidade personalizada.<\/p>\n\n\n\n<p>Informa\u00e7\u00f5es do dispositivo: as informa\u00e7\u00f5es fornecidas pelo seu dispositivo ser\u00e3o diferentes dependendo do sistema operacional e das configura\u00e7\u00f5es do dispositivo (por exemplo, PC, Mac, iPhone, Android ou outro), mas incluem o tipo de dispositivo que voc\u00ea possui (por exemplo, iPhone 15 ou Samsung Galaxy S23), o endere\u00e7o IP e a localiza\u00e7\u00e3o do dispositivo, o navegador que voc\u00ea est\u00e1 a usar, a sua operadora de rede m\u00f3vel (para dispositivos m\u00f3veis), as p\u00e1ginas que voc\u00ea visitou, o seu fuso hor\u00e1rio e localiza\u00e7\u00e3o do pa\u00eds e relat\u00f3rios de falhas ou erros de download.<\/p>\n\n\n\n<ul class=\"wp-block-list\">\n<li>Informa\u00e7\u00f5es que coletamos na loja: o Grupo Hicon est\u00e1 sempre em busca de novas oportunidades para melhorar a sua experi\u00eancia de compra e isso estende-se \u00e0s suas experi\u00eancias na loja. Voc\u00ea tamb\u00e9m nos pode fornecer informa\u00e7\u00f5es sobre voc\u00ea na loja se fizer uma compra usando cart\u00e3o de cr\u00e9dito ou d\u00e9bito, preencher uma pesquisa ou question\u00e1rio, participar de num sorteio ou promo\u00e7\u00e3o, fornecer-nos feedback ou de outra forma interagir ou corresponder connosco na loja ou depois da sua visita. Quando voc\u00ea usa um dispositivo habilitado para WiFi na loja, certas informa\u00e7\u00f5es podem ser fornecidas pelo seu dispositivo, que ser\u00e3o diferentes dependendo do seu dispositivo e das configura\u00e7\u00f5es. As informa\u00e7\u00f5es que podem ser fornecidas s\u00e3o o tipo de dispositivo que voc\u00ea possui, o identificador do dispositivo\/endere\u00e7o de controle de acesso \u00e0 m\u00eddia (MAC), a proximidade do dispositivo ao ponto de acesso, a localiza\u00e7\u00e3o do dispositivo e, quando relevante, quando e por quanto tempo o dispositivo est\u00e1 conectado \u00e0 rede Wi-Fi. Voc\u00ea pode impedir o fornecimento de informa\u00e7\u00f5es desativando o recurso Wi-Fi do seu dispositivo. Poderemos tamb\u00e9m registar as suas intera\u00e7\u00f5es com os produtos, de forma a melhorar a sua experi\u00eancia na loja, prestando-lhe um servi\u00e7o mais personalizado durante e ap\u00f3s a sua visita.<\/li>\n<\/ul>\n\n\n\n<ol class=\"wp-block-list\" start=\"4\">\n<li><strong>PARA QUE UTILIZAM AS MINHAS INFORMA\u00c7\u00d5ES?<\/strong><\/li>\n<\/ol>\n\n\n\n<p>Para lhe fornecer os nossos servi\u00e7os, inclusive para permitir que voc\u00ea solicite e receba produtos usando o nosso site, administre sua conta e otimize a sua experi\u00eancia, precisamos de usar as suas informa\u00e7\u00f5es de diversas maneiras diferentes.<\/p>\n\n\n\n<p>Tamb\u00e9m utilizamos as informa\u00e7\u00f5es para fins de marketing e publicidade. Quando voc\u00ea nos disser que gostaria de receber comunica\u00e7\u00f5es de marketing ou quando tiver feito uma compra usando nossos servi\u00e7os, n\u00f3s e os nossos parceiros usaremos as suas informa\u00e7\u00f5es pessoais (incluindo o seu nome, endere\u00e7o de e-mail e endere\u00e7o) para enviar ocasionalmente atualiza\u00e7\u00f5es, not\u00edcias, e ofertas por e-mail, correio ou outras formas de m\u00eddia. Poderemos usar as suas informa\u00e7\u00f5es (incluindo informa\u00e7\u00f5es suplementares recebidas de parceiros que anexamos \u00e0s informa\u00e7\u00f5es dos nossos clientes existentes, conforme descrito abaixo) para personalizar essas mensagens para voc\u00ea. Voc\u00ea pode cancelar a assinatura das nossas comunica\u00e7\u00f5es de marketing por e-mail.<\/p>\n\n\n\n<p>Voc\u00ea pode cancelar a assinatura das nossas comunica\u00e7\u00f5es de marketing por e-mail, indicando o que pretende alterar.<\/p>\n\n\n\n<p>Caso o seu pa\u00eds esteja abrangido por tais servi\u00e7os, poderemos utilizar as suas informa\u00e7\u00f5es para lhe fornecer recomenda\u00e7\u00f5es de compras e servi\u00e7os relacionados com estilo pessoal, pelo que ter\u00e1 acesso a uma experi\u00eancia de compra melhorada e mais interativa. Esses servi\u00e7os ser\u00e3o fornecidos juntamente com fornecedores terceirizados, que atuar\u00e3o como processadores.<\/p>\n\n\n\n<p>Utilizamos prestadores de servi\u00e7os terceirizados para veicular an\u00fancios mais relevantes para voc\u00ea nos seus diferentes dispositivos e nos nossos pr\u00f3prios sites e aplicativos m\u00f3veis e de terceiros. Al\u00e9m das informa\u00e7\u00f5es sobre as suas visitas ao nosso site ou uso do nosso aplicativo m\u00f3vel, os nossos provedores de servi\u00e7os tamb\u00e9m podem usar as informa\u00e7\u00f5es sobre as suas intera\u00e7\u00f5es com outros sites ou aplicativos para direcionar an\u00fancios de produtos dispon\u00edveis na Hicon ou nos nossos parceiros. Para obter informa\u00e7\u00f5es sobre como cancelar a publicidade direcionada e controlar o uso de cookies, consulte a se\u00e7\u00e3o de cookies desta Pol\u00edtica de Privacidade.<\/p>\n\n\n\n<p>Tamb\u00e9m realizamos pesquisas, an\u00e1lises e pesquisas sobre o uso e as visualiza\u00e7\u00f5es do nosso site. Acompanhamos seus gastos em nosso site para ver se voc\u00ea pode beneficiar dos nossos programas de fidelidade exclusivos, programa de cliente VIP e Acesso. Por fim, usamos as suas informa\u00e7\u00f5es para confirmar a sua identidade e realizar verifica\u00e7\u00f5es de cr\u00e9dito.<\/p>\n\n\n\n<p>Para registrar e gerenciar sua conta Hicon no nosso site, coletamos o seu nome, e-mail, senha e outros detalhes adicionais que voc\u00ea deseja adicionar \u00e0 sua conta, como n\u00famero de telefone, endere\u00e7o e sexo.<\/p>\n\n\n\n<p>Para atender aos pedidos que voc\u00ea faz atrav\u00e9s do nosso site, coletamos seu nome, endere\u00e7o, telefone, dados do pedido, como os produtos que voc\u00ea est\u00e1 comprando, o tamanho e o pre\u00e7o. A base legal \u00e9 a execu\u00e7\u00e3o de um Contrato consigo.<\/p>\n\n\n\n<p>Para receber o seu pagamento, coletamos suas informa\u00e7\u00f5es de pagamento, que incluem o n\u00famero do cart\u00e3o de cr\u00e9dito\/d\u00e9bito, nome do titular e CVV. N\u00f3s n\u00e3o os armazenamos e apenas os transferimos para nossos provedores de pagamento autorizados. A base legal \u00e9 a execu\u00e7\u00e3o de um Contrato consigo.<\/p>\n\n\n\n<p>Para lhe fornecer os nossos servi\u00e7os de atendimento ao cliente (incluindo ajud\u00e1-lo a resolver qualquer problema que voc\u00ea tenha com os nossos servi\u00e7os, atualiz\u00e1-lo sobre qualquer altera\u00e7\u00e3o nos nossos termos de servi\u00e7o ou entrar em contato com voc\u00ea para saber como foi a sua experi\u00eancia connosco): coletamos o seu nome, e-mail, senha, n\u00famero de telefone e endere\u00e7os e o seu hist\u00f3rico de contato connosco. A base legal \u00e9 a execu\u00e7\u00e3o de um Contrato consigo e os nossos interesses leg\u00edtimos em mant\u00ea-lo como cliente.<\/p>\n\n\n\n<p>Para monitorizar a qualidade dos nossos servi\u00e7os ao cliente, recolhemos o seu nome, e-mail, palavra-passe, n\u00famero de telefone e moradas, a sua resposta \u00e0s nossas perguntas por SMS sobre a qualidade do servi\u00e7o e o seu hist\u00f3rico de contacto connosco (incluindo registos telef\u00f3nicos das nossas conversas e conversas por e-mail ou outros aplicativos de mensagens instant\u00e2neas). A base legal s\u00e3o os interesses leg\u00edtimos na gest\u00e3o do nosso neg\u00f3cio.<\/p>\n\n\n\n<p>Para analisar e publicar coment\u00e1rios sobre seus pedidos: coletamos seu nome, faixa et\u00e1ria, caracter\u00edsticas da pele (como tipo, tom e preocupa\u00e7\u00f5es) e seu coment\u00e1rio por escrito. A base legal \u00e9 o seu consentimento.<\/p>\n\n\n\n<p>Para administrar, manter e otimizar nosso Site e nossos servi\u00e7os, coletamos informa\u00e7\u00f5es do seu dispositivo (como endere\u00e7o IP e tipo de dispositivo), identificadores de cookies e informa\u00e7\u00f5es de navega\u00e7\u00e3o. A base legal s\u00e3o os interesses leg\u00edtimos na gest\u00e3o do nosso neg\u00f3cio.<\/p>\n\n\n\n<p>Para realizar verifica\u00e7\u00f5es de fraude e cr\u00e9dito e se pudermos fazer neg\u00f3cios com voc\u00ea, coletamos seu nome, e-mail, endere\u00e7os, detalhes de cart\u00e3o de cr\u00e9dito\/d\u00e9bito, hist\u00f3rico de navega\u00e7\u00e3o, hist\u00f3rico de compras, data de nascimento, sexo, cookies comportamentais espec\u00edficos, informa\u00e7\u00f5es do dispositivo (como como endere\u00e7o IP e tipo de dispositivo), quaisquer identificadores nacionais (como carteira de motorista ou carteiras de identidade) e quaisquer informa\u00e7\u00f5es publicamente dispon\u00edveis (como perfis de m\u00eddia social ou not\u00edcias). A base legal s\u00e3o os interesses leg\u00edtimos para proteger a Hicon e os seus clientes contra atividades fraudulentas e o cumprimento de uma obriga\u00e7\u00e3o legal.<\/p>\n\n\n\n<p>Para lhe enviar comunica\u00e7\u00f5es de marketing e ofertas personalizadas, recolhemos o seu nome, email, n\u00famero de telefone, moradas, data de nascimento, hist\u00f3rico de compras, hist\u00f3rico e comportamento de navega\u00e7\u00e3o, informa\u00e7\u00f5es do dispositivo, prefer\u00eancias de compra, identificadores de cookies, identificadores internos e pa\u00eds. A base legal s\u00e3o os interesses leg\u00edtimos no marketing direto eletr\u00f4nico de produtos e servi\u00e7os similares que voc\u00ea adquiriu atrav\u00e9s do nosso site. Quando tal n\u00e3o for aplic\u00e1vel, o seu consentimento para lhe enviar ofertas e campanhas especiais promovidas pela Hicon em coopera\u00e7\u00e3o com parceiros exclusivos.<\/p>\n\n\n\n<p>Para gerenciar os nossos programas de fidelidade, coletamos o seu nome, e-mail, n\u00famero de telefone, endere\u00e7os, data de nascimento, hist\u00f3rico de compras, hist\u00f3rico e comportamento de navega\u00e7\u00e3o, informa\u00e7\u00f5es do dispositivo, prefer\u00eancias de compra, apelido, identificadores de cookies, identificadores internos, pa\u00eds, n\u00edvel de gasto e fortuna. A base legal s\u00e3o os nossos interesses leg\u00edtimos em gerir o nosso neg\u00f3cio e melhorar a sua experi\u00eancia de compra.<\/p>\n\n\n\n<p>Para fornecer recomenda\u00e7\u00f5es personalizadas e melhorar sua experi\u00eancia, coletamos seu nome, e-mail, n\u00famero de telefone, endere\u00e7os, data de nascimento, hist\u00f3rico de compras, hist\u00f3rico de navega\u00e7\u00e3o e comportamento, intera\u00e7\u00f5es nas lojas com produtos, informa\u00e7\u00f5es do dispositivo, prefer\u00eancias de compra, apelido, identificadores de cookies, identificadores internos, pa\u00eds, n\u00edvel de gasto e riqueza. A base legal s\u00e3o os nossos interesses leg\u00edtimos em gerir o nosso neg\u00f3cio e melhorar a sua experi\u00eancia de compra.<\/p>\n\n\n\n<p>Para fornecer informa\u00e7\u00f5es, por meio do seu aplicativo, sobre as boutiques e produtos parceiros da Hicon mais pr\u00f3ximos da sua localiza\u00e7\u00e3o, coletamos o seu nome, localiza\u00e7\u00e3o e informa\u00e7\u00f5es do dispositivo. A base legal \u00e9 o seu consentimento para permitir que o aplicativo Hicon tenha acesso sua localiza\u00e7\u00e3o.<\/p>\n\n\n\n<p>Para realizar pesquisas, an\u00e1lises, consultas e inqu\u00e9ritos sobre a sua utiliza\u00e7\u00e3o do nosso website, recolhemos o seu Nome; Endere\u00e7os; E-mail; As informa\u00e7\u00f5es do dispositivo e a base legal s\u00e3o nossos interesses leg\u00edtimos em administrar nossos neg\u00f3cios e melhorar nosso site e a sua experi\u00eancia.<\/p>\n\n\n\n<p>Para anunciar e redirecionar publicidade de produtos e servi\u00e7os nossos e dos nossos parceiros, coletamos o seu e-mail, identificadores de cookies e informa\u00e7\u00f5es do dispositivo informa\u00e7\u00e3o. A base legal s\u00e3o os nossos interesses leg\u00edtimos na gest\u00e3o dos nossos neg\u00f3cios.<\/p>\n\n\n\n<p>Para produzir relat\u00f3rios estat\u00edsticos agregados, utilizamos o seu hist\u00f3rico de pedidos, desde que o resultado de tais relat\u00f3rios n\u00e3o o identifique. A base legal s\u00e3o os nossos interesses leg\u00edtimos em gerir o nosso neg\u00f3cio e melhorar o nosso website.<\/p>\n\n\n\n<ol class=\"wp-block-list\" start=\"5\">\n<li><strong>COM QUEM COMPARTILHA MINHAS INFORMA\u00c7\u00d5ES?<\/strong><\/li>\n<\/ol>\n\n\n\n<p>Para fornecer os nossos servi\u00e7os e o site, trabalhamos com v\u00e1rios terceiros cuidadosamente selecionados. Para fazer isso, poderemos compartilhar as suas informa\u00e7\u00f5es com esses terceiros nas seguintes circunst\u00e2ncias limitadas:<\/p>\n\n\n\n<ul class=\"wp-block-list\">\n<li>Empresas do grupo para fins comerciais: A Terrasdebasto.pt faz parte de uma fam\u00edlia maior de empresas em diferentes partes do mundo (o \u201cGrupo Hicon\u201d). O Grupo Hicon compreende a Terrasdebasto.pt e todas as suas subsidi\u00e1rias, incluindo, entre outras, Hicon II, Hicon III e Hicon IV. Voc\u00ea pode encontrar informa\u00e7\u00f5es sobre o Grupo Hicon no site https:\/\/hicon.pt. Poderemos compartilhar as suas informa\u00e7\u00f5es pessoais para operar os nossos neg\u00f3cios e fornecer o Site e os servi\u00e7os. Fique tranquilo, o uso das informa\u00e7\u00f5es \u00e9 consistente com esta Pol\u00edtica de Privacidade;<\/li>\n<\/ul>\n\n\n\n<ul class=\"wp-block-list\">\n<li>As nossas lojas e marcas parceiras de quem voc\u00ea compra produtos: contamos com parceiros cuidadosamente selecionados que fornecem os produtos que voc\u00ea v\u00ea no nosso site. Com o seu consentimento, tamb\u00e9m poderemos compartilhar com os nossos Parceiros o seu nome, informa\u00e7\u00f5es de contato e detalhes de compra sobre os produtos que voc\u00ea adquiriu deles para seus pr\u00f3prios fins de marketing. A utiliza\u00e7\u00e3o das suas informa\u00e7\u00f5es pessoais para os fins mencionados ser\u00e1 feita de acordo com a pol\u00edtica de privacidade do Parceiro.<\/li>\n<\/ul>\n\n\n\n<ul class=\"wp-block-list\">\n<li>Prestadores de servi\u00e7os terceirizados para fins comerciais: para funcionar adequadamente, contamos com uma s\u00e9rie de terceiros cuidadosamente selecionados para nos fornecer servi\u00e7os e produtos. Permitimos que estas empresas utilizem as suas informa\u00e7\u00f5es pessoais apenas na medida necess\u00e1ria para nos fornecer os seus servi\u00e7os e produtos.<\/li>\n<\/ul>\n\n\n\n<ul class=\"wp-block-list\">\n<li>Anunciantes para fins de marketing: podemos fornecer as suas informa\u00e7\u00f5es aos nossos parceiros de publicidade e m\u00eddia social que voc\u00ea selecionar (incluindo Facebook e Twitter), onde eles exigirem os dados para selecionar e veicular an\u00fancios relevantes sobre os nossos produtos e servi\u00e7os e os dos nossos parceiros para voc\u00ea e outros.<\/li>\n<\/ul>\n\n\n\n<ul class=\"wp-block-list\">\n<li>Prestadores de servi\u00e7os terceirizados para enriquecer dados: tamb\u00e9m podemos enriquecer, ou combinar informa\u00e7\u00f5es que mantemos sobre voc\u00ea com dados de outras fontes, por exemplo, compartilhando alguns dos seus dados pessoais com parceiros comerciais selecionados.<\/li>\n<\/ul>\n\n\n\n<ul class=\"wp-block-list\">\n<li>Terceiros que nos ajudam a fornecer-lhe um servi\u00e7o de estilo: estamos sempre a tentar encontrar formas novas e interativas de melhorar a sua experi\u00eancia de compra e proporcionar uma viagem de estilo pessoal \u00fanica. Para fazer isso, podemos contar com prestadores de servi\u00e7os terceirizados.<\/li>\n<\/ul>\n\n\n\n<ul class=\"wp-block-list\">\n<li>Para cumprir solicita\u00e7\u00f5es legais: ocasionalmente, poderemos ser obrigados a estabelecer contato com v\u00e1rios reguladores e ag\u00eancias de aplica\u00e7\u00e3o da lei em v\u00e1rios pa\u00edses diferentes, seja como resultado de lei, ordem judicial ou outro processo legal. Embora contestemos os pedidos sempre que adequado, em alguns casos poderemos ter de partilhar as suas informa\u00e7\u00f5es com os reguladores ou ag\u00eancias de aplica\u00e7\u00e3o da lei. Quando considerarmos apropriado, e desde que n\u00e3o estejamos proibidos de faz\u00ea-lo por lei ou ordem judicial, tentaremos notific\u00e1-lo sobre essas exig\u00eancias legais.<\/li>\n<\/ul>\n\n\n\n<ul class=\"wp-block-list\">\n<li>Informa\u00e7\u00f5es agregadas com terceiros: podemos agregar suas informa\u00e7\u00f5es com as informa\u00e7\u00f5es de outros clientes, criando um conjunto de dados de informa\u00e7\u00f5es sobre o uso do nosso site, compra de produtos e outras informa\u00e7\u00f5es gerais agrupadas sobre os nossos clientes. A base legal \u00e9 o nosso interesse leg\u00edtimo em compreender a utiliza\u00e7\u00e3o do nosso servi\u00e7o e a procura do nosso produto. Embora este conjunto de dados seja agregado e anonimizado, o que significa que n\u00e3o pode identific\u00e1-lo como indiv\u00edduo, ele fornece informa\u00e7\u00f5es valiosas sobre o uso do nosso site e, portanto, podemos compartilh\u00e1-lo com terceiros selecionados. Essas partes podem incluir fornecedores de plug-ins ou tecnologias semelhantes (para ajudar a medir o tr\u00e1fego), nossos parceiros e outros fornecedores (para permitir-lhes um melhor stock de produtos) e os nossos investidores.<\/li>\n<\/ul>\n\n\n\n<ol class=\"wp-block-list\" start=\"6\">\n<li><strong>TRANSFER\u00caNCIAS DOS SEUS DADOS PESSOAIS<\/strong><\/li>\n<\/ol>\n\n\n\n<p>Para fornecer o nosso site e os nossos servi\u00e7os, de acordo com os objetivos definidos acima, podemos transferir e armazenar as informa\u00e7\u00f5es pessoais que coletamos suas para um destino fora de Portugal ou do Espa\u00e7o Econ\u00f4mico Europeu (\u201cEEE\u201d).<\/p>\n\n\n\n<ol class=\"wp-block-list\" start=\"7\">\n<li><strong>COOKIES<\/strong><\/li>\n<\/ol>\n\n\n\n<p>Utilizamos tecnologias como \u201ccookies\u201d para coletar informa\u00e7\u00f5es e armazenar as suas prefer\u00eancias online. Cookies s\u00e3o pequenos peda\u00e7os de informa\u00e7\u00e3o enviados por um servidor web para um navegador web, que permitem ao servidor identificar exclusivamente o navegador em cada p\u00e1gina.<\/p>\n\n\n\n<p>Usamos as seguintes categorias de cookies em nosso site:<\/p>\n\n\n\n<p>Cookies estritamente necess\u00e1rios: estes cookies s\u00e3o essenciais para lhe permitir navegar no website e utilizar as suas funcionalidades. Sem estes cookies, os servi\u00e7os solicitados, como lembrar os seus dados de login ou itens do carrinho de compras, n\u00e3o podem ser fornecidos. Estes cookies tamb\u00e9m nos informar\u00e3o sobre o seu comportamento no nosso website, se pudermos fazer neg\u00f3cios consigo e proteger a Hicon e os seus clientes de atividades fraudulentas.<\/p>\n\n\n\n<p>Cookies de desempenho: Esses cookies coletam informa\u00e7\u00f5es an\u00f4nimas sobre como voc\u00ea usa nosso site (por exemplo, usamos cookies do Google Analytics para nos ajudar a entender como os clientes chegam ao nosso site, navegam ou usam nosso site) e destacam \u00e1reas que podemos melhorar, como navega\u00e7\u00e3o, compras experi\u00eancia e campanhas de marketing. Os dados armazenados por estes cookies n\u00e3o mostram dados pessoais a partir dos quais a sua identidade individual possa ser estabelecida.<\/p>\n\n\n\n<p>Eles tamb\u00e9m s\u00e3o usados para ajudar a medir a efic\u00e1cia de uma campanha publicit\u00e1ria. Voc\u00ea pode aceitar esses cookies usando as configura\u00e7\u00f5es do seu navegador.<\/p>\n\n\n\n<p>Cookies de funcionalidade: Esses cookies lembram as escolhas que voc\u00ea faz, como o pa\u00eds de onde voc\u00ea visita nosso site, idioma e par\u00e2metros de pesquisa, como tamanho, cor ou linha de produtos. Estes podem ent\u00e3o ser utilizados para lhe proporcionar uma experi\u00eancia mais adequada \u00e0s suas sele\u00e7\u00f5es e para tornar as visitas mais personalizadas e agrad\u00e1veis. As informa\u00e7\u00f5es que estes cookies recolhem podem ser anonimizadas e n\u00e3o podem rastrear a sua atividade de navega\u00e7\u00e3o noutros websites. Voc\u00ea pode optar por esses cookies usando as configura\u00e7\u00f5es do seu navegador.<\/p>\n\n\n\n<p>Cookies de direcionamento ou cookies de publicidade: Estes cookies recolhem informa\u00e7\u00f5es sobre os seus h\u00e1bitos de navega\u00e7\u00e3o e informa\u00e7\u00f5es demogr\u00e1ficas agregadas limitadas, a fim de tornar a publicidade mais relevante para si e para os seus interesses. Eles tamb\u00e9m s\u00e3o usados para limitar o n\u00famero de vezes que voc\u00ea v\u00ea um an\u00fancio. Os cookies s\u00e3o normalmente colocados por redes de publicidade de terceiros. Eles lembram os sites que voc\u00ea visita e essas informa\u00e7\u00f5es s\u00e3o compartilhadas com outras partes, como anunciantes. Por exemplo, utilizamos empresas terceiras para lhe fornecer an\u00fancios mais personalizados quando visita outros websites. Voc\u00ea pode aceitar esses cookies usando as configura\u00e7\u00f5es do seu navegador.<\/p>\n\n\n\n<p>Voc\u00ea pode retirar o seu consentimento para estes cookies a qualquer momento atrav\u00e9s das seguintes op\u00e7\u00f5es:<\/p>\n\n\n\n<ul class=\"wp-block-list\">\n<li>Cookies do Google Analytics em todos os sites, visite Google Analytics Opt-out Browser Add-on;<\/li>\n<\/ul>\n\n\n\n<ul class=\"wp-block-list\">\n<li>Outros cookies de terceiros relacionados com publicidade comportamental, consulte www.youronlinechoices.eu.<\/li>\n<\/ul>\n\n\n\n<ul class=\"wp-block-list\">\n<li>Qualquer outro tipo de cookies, voc\u00ea pode limpar os cookies atrav\u00e9s das configura\u00e7\u00f5es do seu navegador.<\/li>\n<\/ul>\n\n\n\n<p>Tenha em aten\u00e7\u00e3o que recusar cookies n\u00e3o significa que deixar\u00e1 de receber publicidade online. Isso significa que a empresa ou empresas das quais voc\u00ea optou por sair n\u00e3o fornecer\u00e3o mais an\u00fancios adaptados \u00e0s suas prefer\u00eancias e padr\u00f5es de uso da web, portanto voc\u00ea poder\u00e1 ver um n\u00famero maior de an\u00fancios que s\u00e3o irrelevantes para voc\u00ea e suas prefer\u00eancias.<\/p>\n\n\n\n<ol class=\"wp-block-list\" start=\"8\">\n<li><strong>SEGURAN\u00c7A<\/strong><\/li>\n<\/ol>\n\n\n\n<p>Manter voc\u00ea e as suas informa\u00e7\u00f5es pessoais seguras \u00e9 muito importante para n\u00f3s. Tomamos uma s\u00e9rie de medidas razo\u00e1veis para tentar proteger as informa\u00e7\u00f5es pessoais que voc\u00ea fornece, incluindo:<\/p>\n\n\n\n<ul class=\"wp-block-list\">\n<li>Usar um Transport Layer Secure (TLS) para criptografar os dados pessoais que voc\u00ea nos envia durante o processo de pedido (incluindo quaisquer informa\u00e7\u00f5es financeiras, como detalhes de cart\u00e3o de cr\u00e9dito ou d\u00e9bito).<\/li>\n<\/ul>\n\n\n\n<ul class=\"wp-block-list\">\n<li>Exigir que voc\u00ea estabele\u00e7a um nome de usu\u00e1rio e senha exclusivos para acessar sua conta no nosso site.<\/li>\n<\/ul>\n\n\n\n<ul class=\"wp-block-list\">\n<li>N\u00e3o manter detalhes do seu cart\u00e3o de cr\u00e9dito ou d\u00e9bito que permitam a terceiros realizar transa\u00e7\u00f5es usando esse cart\u00e3o de cr\u00e9dito ou d\u00e9bito (como o seu n\u00famero CVV).<\/li>\n<\/ul>\n\n\n\n<ul class=\"wp-block-list\">\n<li>Monitorar regularmente os nossos servidores e sistemas de TI em busca de poss\u00edveis vulnerabilidades e ataques. Infelizmente, apesar disso, a transmiss\u00e3o de informa\u00e7\u00f5es atrav\u00e9s da Internet n\u00e3o \u00e9 totalmente segura. N\u00e3o podemos garantir a seguran\u00e7a dos seus dados pessoais transmitidos para ou atrav\u00e9s do nosso site, e qualquer transmiss\u00e3o desse tipo \u00e9 por sua conta e risco. Em particular, tenha em mente que se voc\u00ea divulgar voluntariamente informa\u00e7\u00f5es pessoais atrav\u00e9s de outros meios de comunica\u00e7\u00e3o que n\u00e3o o site, em um ambiente n\u00e3o protegido (como e-mail, SMS, mensagens on-line), essas informa\u00e7\u00f5es poder\u00e3o ser coletadas e usadas por terceiros fora do site. do nosso ou do seu controle.<\/li>\n<\/ul>\n\n\n\n<ol class=\"wp-block-list\" start=\"9\">\n<li><strong>POR QUANTO TEMPO VOC\u00ca USAR\u00c1 MINHAS INFORMA\u00c7\u00d5ES?<\/strong><\/li>\n<\/ol>\n\n\n\n<p>Retemos os dados que voc\u00ea nos fornece enquanto voc\u00ea tiver sua a sua conta connosco e, posteriormente, durante o per\u00edodo em que voc\u00ea tiver d\u00favidas ou reclama\u00e7\u00f5es em rela\u00e7\u00e3o aos nossos servi\u00e7os, n\u00e3o obstante qualquer per\u00edodo de reten\u00e7\u00e3o superior que possamos ser obrigados a observar. de acordo com os requisitos legais que nos s\u00e3o aplic\u00e1veis.<\/p>\n\n\n\n<p>Em algumas circunst\u00e2ncias, voc\u00ea pode-nos solicitar a exclus\u00e3o dos seus dados conforme descrito abaixo.<\/p>\n\n\n\n<p>Depois de terminar a utiliza\u00e7\u00e3o dos nossos servi\u00e7os, poderemos armazenar as suas informa\u00e7\u00f5es num formato agregado e an\u00f3nimo.<\/p>\n\n\n\n<ol class=\"wp-block-list\" start=\"10\">\n<li><strong>QUAIS S\u00c3O OS MEUS DIREITOS DE PRIVACIDADE?<\/strong><\/li>\n<\/ol>\n\n\n\n<p>Voc\u00ea tem certos direitos em rela\u00e7\u00e3o aos dados pessoais que mantemos sobre voc\u00ea, que detalhamos abaixo. Algumas delas aplicam-se apenas em determinadas circunst\u00e2ncias, conforme descrito em mais detalhes abaixo. Tamb\u00e9m definimos como exercer esses direitos. Observe que exigiremos que voc\u00ea verifique a sua identidade antes de responder a quaisquer solicita\u00e7\u00f5es para exercer os seus direitos e isso pode incluir fazer uma s\u00e9rie de perguntas de seguran\u00e7a para garantir que \u00e9 voc\u00ea. Quando voc\u00ea nomear outra pessoa para fazer a solicita\u00e7\u00e3o em seu nome, essa pessoa e\/ou organiza\u00e7\u00e3o precisar\u00e1 apresentar uma procura\u00e7\u00e3o v\u00e1lida emitida por voc\u00ea. Devemos responder a um pedido seu para exercer esses direitos sem demora injustificada e pelo menos no prazo de um m\u00eas (embora este prazo possa ser prorrogado por mais dois meses em determinadas circunst\u00e2ncias).<\/p>\n\n\n\n<ul class=\"wp-block-list\">\n<li>Acesso: voc\u00ea tem o direito de saber se processamos dados pessoais sobre voc\u00ea e, se o fizermos, de aceder aos dados que mantemos sobre voc\u00ea e certas informa\u00e7\u00f5es sobre como os usamos e com quem os compartilhamos (incluindo as categorias de dados pessoais que compartilhamos com empresas para uso em marketing direto e os nomes e endere\u00e7os dessas empresas<\/li>\n<\/ul>\n\n\n\n<p>Voc\u00ea tamb\u00e9m pode solicitar uma c\u00f3pia das suas informa\u00e7\u00f5es. Se voc\u00ea precisar de mais de uma c\u00f3pia dos dados que mantemos sobre voc\u00ea, poderemos cobrar uma taxa administrativa razo\u00e1vel.<\/p>\n\n\n\n<p>Poderemos n\u00e3o fornecer-lhe determinados dados pessoais se o seu fornecimento interferir com os direitos de terceiros (por exemplo, quando o fornecimento dos dados pessoais que temos sobre si revelar informa\u00e7\u00f5es sobre outra pessoa) ou quando se aplicar outra isen\u00e7\u00e3o.<\/p>\n\n\n\n<ul class=\"wp-block-list\">\n<li>Portabilidade: voc\u00ea tem o direito de receber um subconjunto dos dados pessoais que coletamos de voc\u00ea em um formato estruturado, comumente usado e leg\u00edvel por m\u00e1quina e o direito de solicitar que transfiramos esses dados pessoais para outra parte. O subconjunto relevante de dados pessoais s\u00e3o dados que voc\u00ea nos fornece com o seu consentimento ou para fins de execu\u00e7\u00e3o do nosso contrato com voc\u00ea. Se desejar que transfiramos os dados pessoais para outra parte, certifique-se de detalhar essa parte e observe que s\u00f3 poderemos faz\u00ea-lo quando for tecnicamente vi\u00e1vel. N\u00e3o somos respons\u00e1veis pela seguran\u00e7a dos dados pessoais ou pelo seu processamento uma vez recebidos por terceiros. Tamb\u00e9m poderemos n\u00e3o lhe fornecer determinados dados se o seu fornecimento interferir com os direitos de terceiros (por exemplo, quando o fornecimento dos dados pessoais que temos sobre si revelar informa\u00e7\u00f5es sobre outra pessoa ou os nossos segredos comerciais ou propriedade intelectual).<\/li>\n<\/ul>\n\n\n\n<ul class=\"wp-block-list\">\n<li>Corre\u00e7\u00e3o: voc\u00ea tem o direito de corrigir quaisquer dados pessoais mantidos sobre voc\u00ea que sejam imprecisos. Voc\u00ea pode editar as suas informa\u00e7\u00f5es pessoais nas configura\u00e7\u00f5es de \u201cMinha conta\u201d. Voc\u00ea tamb\u00e9m pode solicitar a corre\u00e7\u00e3o enviando-nos um e-mail. Tenha em aten\u00e7\u00e3o que, em alguns casos, podemos pedir-lhe que explique detalhadamente porque considera que os dados pessoais que mantemos sobre si s\u00e3o imprecisos ou incompletos, para que possamos avaliar se \u00e9 necess\u00e1ria uma corre\u00e7\u00e3o. Observe que, embora avaliemos se os dados pessoais que mantemos sobre voc\u00ea s\u00e3o imprecisos ou incompletos, voc\u00ea pode exercer o seu direito de restringir o nosso processamento dos dados aplic\u00e1veis, conforme descrito abaixo.<\/li>\n<\/ul>\n\n\n\n<ul class=\"wp-block-list\">\n<li>Elimina\u00e7\u00e3o: voc\u00ea pode solicitar que apaguemos os dados pessoais que mantemos sobre voc\u00ea em determinadas circunst\u00e2ncias. Role para baixo para saber o que s\u00e3o:<\/li>\n<\/ul>\n\n\n\n<p>Voc\u00ea acredita que n\u00e3o \u00e9 mais necess\u00e1rio mantermos os dados pessoais que mantemos sobre voc\u00ea.<\/p>\n\n\n\n<p>Processamos os dados pessoais que mantemos sobre voc\u00ea com base no seu consentimento e voc\u00ea deseja retirar o seu consentimento e n\u00e3o h\u00e1 outro motivo sob o qual possamos processar os dados pessoais.<\/p>\n\n\n\n<p>Estamos processando os dados pessoais que mantemos sobre voc\u00ea com base em nosso interesse leg\u00edtimo e voc\u00ea se op\u00f5e a tal processamento. Forne\u00e7a-nos detalhes sobre o seu racioc\u00ednio para que possamos avaliar se existe um interesse superior para n\u00f3s em reter tais dados pessoais.<\/p>\n\n\n\n<p>Voc\u00ea n\u00e3o deseja mais que utilizemos os dados pessoais que mantemos sobre voc\u00ea para lhe enviar promo\u00e7\u00f5es e ofertas especiais.<\/p>\n\n\n\n<p>Voc\u00ea acredita que os dados pessoais que mantemos sobre voc\u00ea est\u00e3o sendo processados ilegalmente por n\u00f3s.<\/p>\n\n\n\n<p>Observe tamb\u00e9m que voc\u00ea pode exercer o seu direito de restringir o nosso processamento dos dados enquanto consideramos o seu pedido conforme descrito abaixo.<\/p>\n\n\n\n<p>Forne\u00e7a o m\u00e1ximo de detalhes poss\u00edvel sobre os motivos da solicita\u00e7\u00e3o para nos ajudar a determinar se voc\u00ea tem uma base v\u00e1lida para a elimina\u00e7\u00e3o. Tenha em aten\u00e7\u00e3o que poderemos reter os dados pessoais se existirem motivos legais v\u00e1lidos para o fazermos (por exemplo, para a defesa de a\u00e7\u00f5es judiciais ou liberdade de express\u00e3o), mas iremos inform\u00e1-lo se for esse o caso.<\/p>\n\n\n\n<p>Quando voc\u00ea solicitar que apaguemos dados que tornamos p\u00fablicos e houver motivos para exclus\u00e3o, tomaremos medidas razo\u00e1veis para tentar informar outras pessoas que est\u00e3o exibindo os dados ou fornecendo links para os dados para tamb\u00e9m apagarem os dados.<\/p>\n\n\n\n<ul class=\"wp-block-list\">\n<li>Restri\u00e7\u00e3o de processamento apenas para armazenamento. Voc\u00ea tem o direito de exigir que paremos de processar os dados pessoais que mantemos sobre voc\u00ea, exceto para fins de armazenamento em determinadas circunst\u00e2ncias. Tenha em aten\u00e7\u00e3o que, se pararmos de processar os dados pessoais, poderemos utiliz\u00e1-los novamente se existirem motivos v\u00e1lidos ao abrigo da lei de prote\u00e7\u00e3o de dados para o fazermos (por exemplo, para a defesa de a\u00e7\u00f5es judiciais ou para a prote\u00e7\u00e3o de terceiros).<\/li>\n<\/ul>\n\n\n\n<ul class=\"wp-block-list\">\n<li>Obje\u00e7\u00e3o: a qualquer momento voc\u00ea tem o direito de se opor ao nosso processamento de dados sobre voc\u00ea para lhe enviar promo\u00e7\u00f5es e ofertas especiais, inclusive quando constru\u00edmos perfis para tais fins e deixaremos de processar os dados para esse fim. Voc\u00ea pode fazer isso alterando suas prefer\u00eancias de marketing na sua conta, por email. Observe que voc\u00ea ainda receber\u00e1 e-mails relacionados aos pedidos feitos por meio de nosso site ou atualiza\u00e7\u00f5es de nossos Termos e Condi\u00e7\u00f5es e Pol\u00edtica de Privacidade.<\/li>\n<\/ul>\n\n\n\n<ul class=\"wp-block-list\">\n<li>Retirada de consentimento: voc\u00ea pode retirar seu consentimento a qualquer momento alterando suas prefer\u00eancias de marketing por email.<\/li>\n<\/ul>\n\n\n\n<ol class=\"wp-block-list\" start=\"11\">\n<li><strong>RECLAMA\u00c7\u00d5ES<\/strong><\/li>\n<\/ol>\n\n\n\n<p>Se voc\u00ea tiver alguma d\u00favida ou preocupa\u00e7\u00e3o sobre esta Pol\u00edtica de Privacidade, entre em contato connosco:<\/p>\n\n\n\n<ul class=\"wp-block-list\">\n<li>enviando-nos um e-mail para info@hicon.pt;<\/li>\n<\/ul>\n\n\n\n<p>Isto n\u00e3o prejudica o seu direito de apresentar uma reclama\u00e7\u00e3o junto do Gabinete do Comiss\u00e1rio de Informa\u00e7\u00e3o (www.ico.org.uk) ou da autoridade supervisora de prote\u00e7\u00e3o de dados no pa\u00eds da UE em que vive ou trabalha, onde pensa que infringimos as leis de prote\u00e7\u00e3o de dados. .<\/p>\n\n\n\n<ol class=\"wp-block-list\" start=\"12\">\n<li><strong>ATUALIZA\u00c7\u00d5ES DESTA POL\u00cdTICA<\/strong><\/li>\n<\/ol>\n\n\n\n<p>Quaisquer altera\u00e7\u00f5es que possamos fazer nesta Pol\u00edtica de Privacidade no futuro ser\u00e3o publicadas nesta p\u00e1gina e, quando apropriado, notificadas a voc\u00ea por e-mail. Por favor, verifique regularmente para se manter informado sobre atualiza\u00e7\u00f5es ou altera\u00e7\u00f5es nesta Pol\u00edtica de Privacidade.<\/p>\n\n\n\n<h2 class=\"wp-block-heading\">13. <strong>Coment\u00e1rios<\/strong><\/h2>\n\n\n\n<p>Quando os visitantes deixam coment\u00e1rios no site, s\u00e3o guardados os dados presentes no formul\u00e1rio dos coment\u00e1rios, bem como o endere\u00e7o de IP e o agente do utilizador do navegador, para ajudar com a detec\u00e7\u00e3o de spam.<\/p>\n\n\n\n<p>Uma string an\u00f3nima criada a partir do seu endere\u00e7o de email (tamb\u00e9m designada por hash) pode ser enviada para o servi\u00e7o Gravatar para verificar se o est\u00e1 a utilizar. A pol\u00edtica de privacidade do servi\u00e7o Gravatar est\u00e1 dispon\u00edvel aqui: https:\/\/automattic.com\/privacy\/. Depois do seu coment\u00e1rio ser aprovado, a fotografia do ser perfil fica vis\u00edvel para o p\u00fablico no contexto do seu coment\u00e1rio.<\/p>\n\n\n\n<h4 class=\"wp-block-heading\">Multim\u00e9dia<\/h4>\n\n\n\n<p>Ao carregar imagens para o site, deve evitar carregar imagens com dados incorporados de geolocaliza\u00e7\u00e3o (EXIF GPS). Os visitantes podem descarregar e extrair os dados de geolocaliza\u00e7\u00e3o das imagens do site.<\/p>\n\n\n\n<h4 class=\"wp-block-heading\">Conte\u00fado incorporado de outros sites<\/h4>\n\n\n\n<p>Os artigos neste site podem incluir conte\u00fado incorporado (por exemplo: v\u00eddeos, imagens, artigos, etc.). O conte\u00fado incorporado de outros sites comporta-se tal como se o utilizador visitasse esses sites.<\/p>\n\n\n\n<p>Este site pode recolher dados sobre si, usar cookies, incorporar rastreio feito por terceiros, monitorizar as suas interac\u00e7\u00f5es com o mesmo, incluindo registar as interac\u00e7\u00f5es com conte\u00fado incorporado se tiver uma conta e estiver com sess\u00e3o iniciada nesse site.<\/p>\n\n\n\n<h4 class=\"wp-block-heading\">Com quem s\u00e3o partilhados os seus dados<\/h4>\n\n\n\n<p>Se solicitar uma redefini\u00e7\u00e3o de senha, o seu endere\u00e7o de IP ser\u00e1 inclu\u00eddo no email de redefini\u00e7\u00e3o.<\/p>\n\n\n\n<h4 class=\"wp-block-heading\">Para onde os seus dados s\u00e3o enviados<\/h4>\n\n\n\n<p>Os coment\u00e1rios dos visitantes podem ser verificados atrav\u00e9s de um servi\u00e7o autom\u00e1tico de detec\u00e7\u00e3o de spam.<\/p>\n","protected":false},"excerpt":{"rendered":"<p>Somos do grupo Hicon (\u201cn\u00f3s\u201d, \u201cnos\u201d, \u201cnosso\u201d) e estamos comprometidos em proteger sua privacidade. A Hicon \u00e9 a controladora para efeitos do Regulamento Geral de Prote\u00e7\u00e3o de Dados (o \u201cGDPR\u201d). Esta Pol\u00edtica de Privacidade fornece informa\u00e7\u00f5es sobre como coletamos e utilizamos dados pessoais. A Hicon opera a terrasdebasto.pt. Esta Pol\u00edtica de Privacidade define as informa\u00e7\u00f5es [&hellip;]<\/p>\n","protected":false},"author":2,"featured_media":0,"parent":0,"menu_order":0,"comment_status":"closed","ping_status":"open","template":"","meta":{"footnotes":""},"class_list":["post-3","page","type-page","status-publish"],"yoast_head":"<!-- This site is optimized with the Yoast SEO plugin v25.7 - https:\/\/yoast.com\/wordpress\/plugins\/seo\/ -->\n<title>Pol\u00edtica de privacidade - Jornal Terras de Basto<\/title>\n<meta name=\"robots\" content=\"index, follow, max-snippet:-1, max-image-preview:large, max-video-preview:-1\" \/>\n<link rel=\"canonical\" href=\"https:\/\/terrasdebasto.pt\/?page_id=3\" \/>\n<meta property=\"og:locale\" content=\"pt_PT\" \/>\n<meta property=\"og:type\" content=\"article\" \/>\n<meta property=\"og:title\" content=\"Pol\u00edtica de privacidade - Jornal Terras de Basto\" \/>\n<meta property=\"og:description\" content=\"Somos do grupo Hicon (\u201cn\u00f3s\u201d, \u201cnos\u201d, \u201cnosso\u201d) e estamos comprometidos em proteger sua privacidade. A Hicon \u00e9 a controladora para efeitos do Regulamento Geral de Prote\u00e7\u00e3o de Dados (o \u201cGDPR\u201d). Esta Pol\u00edtica de Privacidade fornece informa\u00e7\u00f5es sobre como coletamos e utilizamos dados pessoais. A Hicon opera a terrasdebasto.pt. Esta Pol\u00edtica de Privacidade define as informa\u00e7\u00f5es [&hellip;]\" \/>\n<meta property=\"og:url\" content=\"https:\/\/terrasdebasto.pt\/?page_id=3\" \/>\n<meta property=\"og:site_name\" content=\"Jornal Terras de Basto\" \/>\n<meta property=\"article:modified_time\" content=\"2024-06-27T15:49:42+00:00\" \/>\n<meta name=\"twitter:card\" content=\"summary_large_image\" \/>\n<meta name=\"twitter:label1\" content=\"Tempo estimado de leitura\" \/>\n\t<meta name=\"twitter:data1\" content=\"29 minutos\" \/>\n<script type=\"application\/ld+json\" class=\"yoast-schema-graph\">{\"@context\":\"https:\/\/schema.org\",\"@graph\":[{\"@type\":\"WebPage\",\"@id\":\"https:\/\/terrasdebasto.pt\/?page_id=3\",\"url\":\"https:\/\/terrasdebasto.pt\/?page_id=3\",\"name\":\"Pol\u00edtica de privacidade - Jornal Terras de Basto\",\"isPartOf\":{\"@id\":\"https:\/\/terrasdebasto.pt\/#website\"},\"datePublished\":\"2024-06-06T15:24:00+00:00\",\"dateModified\":\"2024-06-27T15:49:42+00:00\",\"breadcrumb\":{\"@id\":\"https:\/\/terrasdebasto.pt\/?page_id=3#breadcrumb\"},\"inLanguage\":\"pt-PT\",\"potentialAction\":[{\"@type\":\"ReadAction\",\"target\":[\"https:\/\/terrasdebasto.pt\/?page_id=3\"]}]},{\"@type\":\"BreadcrumbList\",\"@id\":\"https:\/\/terrasdebasto.pt\/?page_id=3#breadcrumb\",\"itemListElement\":[{\"@type\":\"ListItem\",\"position\":1,\"name\":\"In\u00edcio\",\"item\":\"https:\/\/terrasdebasto.pt\/\"},{\"@type\":\"ListItem\",\"position\":2,\"name\":\"Pol\u00edtica de privacidade\"}]},{\"@type\":\"WebSite\",\"@id\":\"https:\/\/terrasdebasto.pt\/#website\",\"url\":\"https:\/\/terrasdebasto.pt\/\",\"name\":\"Jornal Terras de Basto\",\"description\":\"\",\"publisher\":{\"@id\":\"https:\/\/terrasdebasto.pt\/#organization\"},\"potentialAction\":[{\"@type\":\"SearchAction\",\"target\":{\"@type\":\"EntryPoint\",\"urlTemplate\":\"https:\/\/terrasdebasto.pt\/?s={search_term_string}\"},\"query-input\":{\"@type\":\"PropertyValueSpecification\",\"valueRequired\":true,\"valueName\":\"search_term_string\"}}],\"inLanguage\":\"pt-PT\"},{\"@type\":\"Organization\",\"@id\":\"https:\/\/terrasdebasto.pt\/#organization\",\"name\":\"Jornal Terras de Basto\",\"url\":\"https:\/\/terrasdebasto.pt\/\",\"logo\":{\"@type\":\"ImageObject\",\"inLanguage\":\"pt-PT\",\"@id\":\"https:\/\/terrasdebasto.pt\/#\/schema\/logo\/image\/\",\"url\":\"https:\/\/terrasdebasto.pt\/wp-content\/uploads\/2024\/06\/LogoNormal.png\",\"contentUrl\":\"https:\/\/terrasdebasto.pt\/wp-content\/uploads\/2024\/06\/LogoNormal.png\",\"width\":5638,\"height\":809,\"caption\":\"Jornal Terras de Basto\"},\"image\":{\"@id\":\"https:\/\/terrasdebasto.pt\/#\/schema\/logo\/image\/\"}}]}<\/script>\n<!-- \/ Yoast SEO plugin. -->","yoast_head_json":{"title":"Pol\u00edtica de privacidade - Jornal Terras de Basto","robots":{"index":"index","follow":"follow","max-snippet":"max-snippet:-1","max-image-preview":"max-image-preview:large","max-video-preview":"max-video-preview:-1"},"canonical":"https:\/\/terrasdebasto.pt\/?page_id=3","og_locale":"pt_PT","og_type":"article","og_title":"Pol\u00edtica de privacidade - Jornal Terras de Basto","og_description":"Somos do grupo Hicon (\u201cn\u00f3s\u201d, \u201cnos\u201d, \u201cnosso\u201d) e estamos comprometidos em proteger sua privacidade. A Hicon \u00e9 a controladora para efeitos do Regulamento Geral de Prote\u00e7\u00e3o de Dados (o \u201cGDPR\u201d). Esta Pol\u00edtica de Privacidade fornece informa\u00e7\u00f5es sobre como coletamos e utilizamos dados pessoais. A Hicon opera a terrasdebasto.pt. Esta Pol\u00edtica de Privacidade define as informa\u00e7\u00f5es [&hellip;]","og_url":"https:\/\/terrasdebasto.pt\/?page_id=3","og_site_name":"Jornal Terras de Basto","article_modified_time":"2024-06-27T15:49:42+00:00","twitter_card":"summary_large_image","twitter_misc":{"Tempo estimado de leitura":"29 minutos"},"schema":{"@context":"https:\/\/schema.org","@graph":[{"@type":"WebPage","@id":"https:\/\/terrasdebasto.pt\/?page_id=3","url":"https:\/\/terrasdebasto.pt\/?page_id=3","name":"Pol\u00edtica de privacidade - Jornal Terras de Basto","isPartOf":{"@id":"https:\/\/terrasdebasto.pt\/#website"},"datePublished":"2024-06-06T15:24:00+00:00","dateModified":"2024-06-27T15:49:42+00:00","breadcrumb":{"@id":"https:\/\/terrasdebasto.pt\/?page_id=3#breadcrumb"},"inLanguage":"pt-PT","potentialAction":[{"@type":"ReadAction","target":["https:\/\/terrasdebasto.pt\/?page_id=3"]}]},{"@type":"BreadcrumbList","@id":"https:\/\/terrasdebasto.pt\/?page_id=3#breadcrumb","itemListElement":[{"@type":"ListItem","position":1,"name":"In\u00edcio","item":"https:\/\/terrasdebasto.pt\/"},{"@type":"ListItem","position":2,"name":"Pol\u00edtica de privacidade"}]},{"@type":"WebSite","@id":"https:\/\/terrasdebasto.pt\/#website","url":"https:\/\/terrasdebasto.pt\/","name":"Jornal Terras de Basto","description":"","publisher":{"@id":"https:\/\/terrasdebasto.pt\/#organization"},"potentialAction":[{"@type":"SearchAction","target":{"@type":"EntryPoint","urlTemplate":"https:\/\/terrasdebasto.pt\/?s={search_term_string}"},"query-input":{"@type":"PropertyValueSpecification","valueRequired":true,"valueName":"search_term_string"}}],"inLanguage":"pt-PT"},{"@type":"Organization","@id":"https:\/\/terrasdebasto.pt\/#organization","name":"Jornal Terras de Basto","url":"https:\/\/terrasdebasto.pt\/","logo":{"@type":"ImageObject","inLanguage":"pt-PT","@id":"https:\/\/terrasdebasto.pt\/#\/schema\/logo\/image\/","url":"https:\/\/terrasdebasto.pt\/wp-content\/uploads\/2024\/06\/LogoNormal.png","contentUrl":"https:\/\/terrasdebasto.pt\/wp-content\/uploads\/2024\/06\/LogoNormal.png","width":5638,"height":809,"caption":"Jornal Terras de Basto"},"image":{"@id":"https:\/\/terrasdebasto.pt\/#\/schema\/logo\/image\/"}}]}},"_links":{"self":[{"href":"https:\/\/terrasdebasto.pt\/index.php?rest_route=\/wp\/v2\/pages\/3","targetHints":{"allow":["GET"]}}],"collection":[{"href":"https:\/\/terrasdebasto.pt\/index.php?rest_route=\/wp\/v2\/pages"}],"about":[{"href":"https:\/\/terrasdebasto.pt\/index.php?rest_route=\/wp\/v2\/types\/page"}],"author":[{"embeddable":true,"href":"https:\/\/terrasdebasto.pt\/index.php?rest_route=\/wp\/v2\/users\/2"}],"replies":[{"embeddable":true,"href":"https:\/\/terrasdebasto.pt\/index.php?rest_route=%2Fwp%2Fv2%2Fcomments&post=3"}],"version-history":[{"count":1,"href":"https:\/\/terrasdebasto.pt\/index.php?rest_route=\/wp\/v2\/pages\/3\/revisions"}],"predecessor-version":[{"id":339,"href":"https:\/\/terrasdebasto.pt\/index.php?rest_route=\/wp\/v2\/pages\/3\/revisions\/339"}],"wp:attachment":[{"href":"https:\/\/terrasdebasto.pt\/index.php?rest_route=%2Fwp%2Fv2%2Fmedia&parent=3"}],"curies":[{"name":"wp","href":"https:\/\/api.w.org\/{rel}","templated":true}]}}